{"id":2921,"date":"2024-02-16T13:05:46","date_gmt":"2024-02-16T12:05:46","guid":{"rendered":"https:\/\/printde.co\/?post_type=product&#038;p=2921"},"modified":"2024-02-13T20:44:03","modified_gmt":"2024-02-13T19:44:03","slug":"minimalistyczna-elegancja-tapeta-z-palmami","status":"publish","type":"product","link":"https:\/\/printde.co\/pl\/produkt\/minimalistyczna-elegancja-tapeta-z-palmami\/","title":{"rendered":"Prosta Elegancja: Czarne Li\u015bcie Palm &#038; Sylwetka S\u0142o\u0144ca Tapeta"},"content":{"rendered":"<p>Poddaj si\u0119 esencji prostej elegancji z nasz\u0105 tapet\u0105 'Czarne Li\u015bcie Palm &#038; Sylwetka S\u0142o\u0144ca&#8217;. Ta minimalistyczna kompozycja botaniczna przedstawia ostre, wyd\u0142u\u017cone li\u015bcie palm w kolorze czarnym, na tle du\u017cego, ciep\u0142otonowego kr\u0119gu przypominaj\u0105cego s\u0142o\u0144ce. Kr\u0105g s\u0142o\u0144ca ma g\u0142adk\u0105, metaliczn\u0105 tekstur\u0119, tworz\u0105c wyrazisty kontrast wobec ciemnych li\u015bci palm. S\u0142o\u0144ce, umieszczone niecentralnie, dodaje abstrakcyjnej, wsp\u00f3\u0142czesnej wibracji do elementu. Subtelne be\u017cowe t\u0142o pozwala li\u015bciom palm i s\u0142o\u0144cu sta\u0107 si\u0119 punktami centralnymi. Zaprojektowana z czyst\u0105 estetyk\u0105, skupiaj\u0105c si\u0119 na formie i kontra\u015bcie kolor\u00f3w, ta tapeta jest idealna do podkre\u015blenia wsp\u00f3\u0142czesnego motywu dekoracji.<\/p>\n","protected":false},"excerpt":{"rendered":"<p>Dodaj dotyk wsp\u00f3\u0142czesnej elegancji na swoje \u015bciany z nasz\u0105 minimalistyczn\u0105 tapet\u0105 botaniczn\u0105, prezentuj\u0105c\u0105 ostre li\u015bcie palm na tle sylwetki s\u0142o\u0144ca.<\/p>\n","protected":false},"featured_media":2928,"template":"","meta":{"_acf_changed":false,"inline_featured_image":false},"product_brand":[],"product_cat":[90,105,87],"product_tag":[],"class_list":{"0":"post-2921","1":"product","2":"type-product","3":"status-publish","4":"has-post-thumbnail","6":"product_cat-tapety-rosliny-zwierzeta","7":"product_cat-sztuka-design-tapety","8":"product_cat-fototapety","10":"first","11":"instock","12":"shipping-taxable","13":"purchasable","14":"product-type-simple"},"acf":[],"_links":{"self":[{"href":"https:\/\/printde.co\/pl\/wp-json\/wp\/v2\/product\/2921","targetHints":{"allow":["GET"]}}],"collection":[{"href":"https:\/\/printde.co\/pl\/wp-json\/wp\/v2\/product"}],"about":[{"href":"https:\/\/printde.co\/pl\/wp-json\/wp\/v2\/types\/product"}],"wp:featuredmedia":[{"embeddable":true,"href":"https:\/\/printde.co\/pl\/wp-json\/wp\/v2\/media\/2928"}],"wp:attachment":[{"href":"https:\/\/printde.co\/pl\/wp-json\/wp\/v2\/media?parent=2921"}],"wp:term":[{"taxonomy":"product_brand","embeddable":true,"href":"https:\/\/printde.co\/pl\/wp-json\/wp\/v2\/product_brand?post=2921"},{"taxonomy":"product_cat","embeddable":true,"href":"https:\/\/printde.co\/pl\/wp-json\/wp\/v2\/product_cat?post=2921"},{"taxonomy":"product_tag","embeddable":true,"href":"https:\/\/printde.co\/pl\/wp-json\/wp\/v2\/product_tag?post=2921"}],"curies":[{"name":"wp","href":"https:\/\/api.w.org\/{rel}","templated":true}]}}